{"id":4058,"date":"2023-06-28T12:40:45","date_gmt":"2023-06-28T12:40:45","guid":{"rendered":"https:\/\/museum-grafenwoehr.de\/events\/koreanisches-konzert-dabyeot-youth-wind-orchestra\/"},"modified":"2025-12-01T18:46:49","modified_gmt":"2025-12-01T18:46:49","slug":"koreanisches-konzert-dabyeot-youth-wind-orchestra","status":"publish","type":"mec-events","link":"https:\/\/museum-grafenwoehr.de\/en\/events\/koreanisches-konzert-dabyeot-youth-wind-orchestra\/","title":{"rendered":"Bildervortrag &#8211; Alte Gastst\u00e4tten in Grafenw\u00f6hr"},"content":{"rendered":"<p>Bildervortrag \u2013 \u201eAlte Gastst\u00e4tten in Grafenw\u00f6hr\u201c<\/p>\n<p>Am Donnerstag, 15.10.2026, um 19.00 Uhr l\u00e4dt der Heimatverein Grafenw\u00f6hr zu einem Bildervortrag \u00fcber die historischen Gastst\u00e4tten der Stadt Grafenw\u00f6hr ein. Im Foyer des Kultur- und Milit\u00e4rmuseums Grafenw\u00f6hr gibt Christine Meinl einen Einblick in die Geschichte der Gastronomie, die durch den nahegelegenen Truppen\u00fcbungsplatz eine herausragende Stellung einnimmt. Die Referentin wird die Anf\u00e4nge der Wirtsh\u00e4user vorstellen und auf die verschiedenen Epochen eingehen, die bestimmte Lokale gepr\u00e4gt haben. Im Fokus stehen Geschichten rund um die Alte Amberger Stra\u00dfe, in der zahlreiche \u00fcber die Stadtgrenzen hinaus bekannte Gastst\u00e4tten, Bars und Tanzlokale ans\u00e4ssig waren. Anhand von historischen Fotos und Zeitungsberichten werden die Teilnehmer in die Vergangenheit entf\u00fchrt und k\u00f6nnen die Ver\u00e4nderungen und Traditionen der Gastst\u00e4tten miterleben.<\/p>\n<p>Wir freuen uns auf einen R\u00fcckblick voller Nostalgie! Der Eintritt an diesem Abend ist frei.<\/p>\n<p>&nbsp;<\/p>\n<p>&nbsp;<\/p>\n","protected":false},"excerpt":{"rendered":"<p>Bildervortrag \u2013 \u201eAlte Gastst\u00e4tten in Grafenw\u00f6hr\u201c Am Donnerstag, 15.10.2026, um 19.00 Uhr l\u00e4dt der Heimatverein Grafenw\u00f6hr zu einem Bildervortrag \u00fcber die historischen Gastst\u00e4tten der Stadt Grafenw\u00f6hr ein. Im Foyer des Kultur- und Milit\u00e4rmuseums Grafenw\u00f6hr gibt Christine Meinl einen Einblick in die Geschichte der Gastronomie, die durch den nahegelegenen Truppen\u00fcbungsplatz eine herausragende Stellung einnimmt. Die Referentin&hellip;<\/p>\n","protected":false},"author":4,"featured_media":4033,"comment_status":"closed","ping_status":"closed","template":"","tags":[],"mec_category":[],"class_list":["post-4058","mec-events","type-mec-events","status-publish","has-post-thumbnail","hentry","description-off"],"_links":{"self":[{"href":"https:\/\/museum-grafenwoehr.de\/en\/wp-json\/wp\/v2\/mec-events\/4058","targetHints":{"allow":["GET"]}}],"collection":[{"href":"https:\/\/museum-grafenwoehr.de\/en\/wp-json\/wp\/v2\/mec-events"}],"about":[{"href":"https:\/\/museum-grafenwoehr.de\/en\/wp-json\/wp\/v2\/types\/mec-events"}],"author":[{"embeddable":true,"href":"https:\/\/museum-grafenwoehr.de\/en\/wp-json\/wp\/v2\/users\/4"}],"replies":[{"embeddable":true,"href":"https:\/\/museum-grafenwoehr.de\/en\/wp-json\/wp\/v2\/comments?post=4058"}],"wp:featuredmedia":[{"embeddable":true,"href":"https:\/\/museum-grafenwoehr.de\/en\/wp-json\/wp\/v2\/media\/4033"}],"wp:attachment":[{"href":"https:\/\/museum-grafenwoehr.de\/en\/wp-json\/wp\/v2\/media?parent=4058"}],"wp:term":[{"taxonomy":"post_tag","embeddable":true,"href":"https:\/\/museum-grafenwoehr.de\/en\/wp-json\/wp\/v2\/tags?post=4058"},{"taxonomy":"mec_category","embeddable":true,"href":"https:\/\/museum-grafenwoehr.de\/en\/wp-json\/wp\/v2\/mec_category?post=4058"}],"curies":[{"name":"wp","href":"https:\/\/api.w.org\/{rel}","templated":true}]}}