{"id":4052,"date":"2023-01-11T16:40:19","date_gmt":"2023-01-11T16:40:19","guid":{"rendered":"https:\/\/museum-grafenwoehr.de\/events\/inszenierte-stadtfuehrung\/"},"modified":"2025-04-04T13:04:38","modified_gmt":"2025-04-04T13:04:38","slug":"inszenierte-stadtfuehrung","status":"publish","type":"mec-events","link":"https:\/\/museum-grafenwoehr.de\/en\/events\/inszenierte-stadtfuehrung\/","title":{"rendered":"Inszenierte Stadtf\u00fchrung Milit\u00e4r &#8211; internationales Flair 2025"},"content":{"rendered":"<p><strong>Stadtf\u00fchrung in Kooperation mit der Kath. Theatergruppe<br \/>\n<\/strong><\/p>\n<p>Unter dem Motto \u201eMilit\u00e4r und internationales Flair &#8211; die Stadt Grafenw\u00f6hr und der Truppen\u00fcbungsplatz\u201c informiert diese zeitgeschichtliche F\u00fchrung \u00fcber den Wandel der Stadt im 20. Jahrhundert seit Er\u00f6ffnung des Lagers. Als Wirtschaftsmotor hat der \u00dcbungsplatz das ruhige St\u00e4dtchen in k\u00fcrzester Zeit zu einer kulturellen, wirtschaftlichen und liebenswerten Stadt mit internationalem Flair verwandelt. Der Stadtrundgang beleuchtet das Zusammenleben mit den Amerikanern und das Faszinosum \u201eTruppen\u00fcbungsplatz\u201c. Beginnend beim Rathaus setzt sich die F\u00fchrung fort bis zur Wache 1 und geht \u00fcber das Kulturelle Zentrum in der Kolpingstra\u00dfe wieder zur\u00fcck zum Rathaus. Besucher k\u00f6nnen sich auf eine unterhaltsame F\u00fchrung mit den Stadtf\u00fchrerinnen und der Theatergruppe freuen, die mit humorvollen Theaterszenen, spannenden Fakten und alten Fotos zur Grafenw\u00f6hrer Geschichte aufwarten. Eine Anmeldung ist nicht erforderlich.<\/p>\n<p>Pfingstmontag, 9. Juni 2025 um 18 Uhr, F\u00fchrungsgeb\u00fchr 8 Euro, Dauer ca. 2 Stunden, Treffpunkt ist beim Kultur- und Milit\u00e4rmuseum<\/p>\n","protected":false},"excerpt":{"rendered":"<p>Stadtf\u00fchrung in Kooperation mit der Kath. Theatergruppe Unter dem Motto \u201eMilit\u00e4r und internationales Flair &#8211; die Stadt Grafenw\u00f6hr und der Truppen\u00fcbungsplatz\u201c informiert diese zeitgeschichtliche F\u00fchrung \u00fcber den Wandel der Stadt im 20. Jahrhundert seit Er\u00f6ffnung des Lagers. Als Wirtschaftsmotor hat der \u00dcbungsplatz das ruhige St\u00e4dtchen in k\u00fcrzester Zeit zu einer kulturellen, wirtschaftlichen und liebenswerten Stadt&hellip;<\/p>\n","protected":false},"author":4,"featured_media":3510,"comment_status":"closed","ping_status":"closed","template":"","tags":[],"mec_category":[],"class_list":["post-4052","mec-events","type-mec-events","status-publish","has-post-thumbnail","hentry","description-off"],"_links":{"self":[{"href":"https:\/\/museum-grafenwoehr.de\/en\/wp-json\/wp\/v2\/mec-events\/4052","targetHints":{"allow":["GET"]}}],"collection":[{"href":"https:\/\/museum-grafenwoehr.de\/en\/wp-json\/wp\/v2\/mec-events"}],"about":[{"href":"https:\/\/museum-grafenwoehr.de\/en\/wp-json\/wp\/v2\/types\/mec-events"}],"author":[{"embeddable":true,"href":"https:\/\/museum-grafenwoehr.de\/en\/wp-json\/wp\/v2\/users\/4"}],"replies":[{"embeddable":true,"href":"https:\/\/museum-grafenwoehr.de\/en\/wp-json\/wp\/v2\/comments?post=4052"}],"wp:featuredmedia":[{"embeddable":true,"href":"https:\/\/museum-grafenwoehr.de\/en\/wp-json\/wp\/v2\/media\/3510"}],"wp:attachment":[{"href":"https:\/\/museum-grafenwoehr.de\/en\/wp-json\/wp\/v2\/media?parent=4052"}],"wp:term":[{"taxonomy":"post_tag","embeddable":true,"href":"https:\/\/museum-grafenwoehr.de\/en\/wp-json\/wp\/v2\/tags?post=4052"},{"taxonomy":"mec_category","embeddable":true,"href":"https:\/\/museum-grafenwoehr.de\/en\/wp-json\/wp\/v2\/mec_category?post=4052"}],"curies":[{"name":"wp","href":"https:\/\/api.w.org\/{rel}","templated":true}]}}